{"id":1864,"date":"2024-08-12T14:43:30","date_gmt":"2024-08-12T12:43:30","guid":{"rendered":"https:\/\/leichtsinn.coach\/?page_id=1864"},"modified":"2026-03-27T07:28:03","modified_gmt":"2026-03-27T06:28:03","slug":"business-coaching","status":"publish","type":"page","link":"https:\/\/leichtsinn.coach\/en\/business-coaching\/","title":{"rendered":"Business Coaching"},"content":{"rendered":"\n<div class=\"wp-block-cover is-light\" style=\"min-height:792px;aspect-ratio:unset;\"><img loading=\"lazy\" decoding=\"async\" width=\"683\" height=\"1024\" class=\"wp-block-cover__image-background wp-image-11432 size-large\" alt=\"Paartherapie online - Fabienne Fleischmann\" src=\"https:\/\/leichtsinn.coach\/wp-content\/uploads\/2025\/12\/Website-Fabi-lachen-2-683x1024.jpg\" style=\"object-position:52% 21%\" data-object-fit=\"cover\" data-object-position=\"52% 21%\" srcset=\"https:\/\/leichtsinn.coach\/wp-content\/uploads\/2025\/12\/Website-Fabi-lachen-2-683x1024.jpg 683w, https:\/\/leichtsinn.coach\/wp-content\/uploads\/2025\/12\/Website-Fabi-lachen-2-200x300.jpg 200w, https:\/\/leichtsinn.coach\/wp-content\/uploads\/2025\/12\/Website-Fabi-lachen-2-768x1152.jpg 768w, https:\/\/leichtsinn.coach\/wp-content\/uploads\/2025\/12\/Website-Fabi-lachen-2-scaled.jpg 1707w\" sizes=\"auto, (max-width: 683px) 100vw, 683px\" \/><span aria-hidden=\"true\" class=\"wp-block-cover__background has-background-dim-0 has-background-dim\" style=\"background-color:#849164\"><\/span><div class=\"wp-block-cover__inner-container is-layout-flow wp-block-cover-is-layout-flow\">\n<div id=\"greyd-69f4d51a1a9bb\" class=\"wp-block-greyd-box gs_Z6xzO0 greyd-content-box gs_Z6xzO0 has-text-color\">\n<h1 class=\"wp-block-heading has-text-align-center has-h-1-font-size gs_z9xALO\">leichtSINN Business Coaching<\/h1>\n<\/div>\n\n\n\n<div id=\"greyd-69f4d51a1ac24\" class=\"wp-block-greyd-box gs_uXUwuZ greyd-content-box gs_uXUwuZ has-text-color\">\n<h2 class=\"wp-block-heading has-text-align-center has-h-4-font-size\">Haltungszentriertes Coaching online und in Stuttgart<\/h2>\n<\/div>\n<\/div><\/div>\n\n\n<div  class=\"gs_SieoHH row_wrap\">\n<div class=\"wp-block-columns row_xxl is-layout-flex wp-container-core-columns-is-layout-9d6595d7 wp-block-columns-is-layout-flex\">\n<div class=\"wp-block-column col-12 col-sm-auto is-layout-flow wp-block-column-is-layout-flow\">\n<p><\/p>\n\n\n\n<h2 class=\"wp-block-heading has-text-align-center\">F\u00fcr F\u00fchrungskr\u00e4fte<\/h2>\n<\/div>\n<\/div>\n<\/div>\n\n\n<div class=\"wp-block-group is-nowrap is-layout-flex wp-container-core-group-is-layout-ad2f72ca wp-block-group-is-layout-flex\">\n<div id=\"greyd-69f4d51a1edca\" class=\"wp-block-greyd-box gs_aJ8JW9 greyd-content-box gs_aJ8JW9 has-background\"><div id='bg_69f4d51a1cb36' class='greyd-background'>\n\t\t\t\t\t\t\t\t<div class='bg_image'  data-srcset='{\"150\":\"https:\\\/\\\/leichtsinn.coach\\\/wp-content\\\/uploads\\\/2023\\\/08\\\/Leichtsinn_WaldSt_56-150x150.jpg\",\"300\":\"https:\\\/\\\/leichtsinn.coach\\\/wp-content\\\/uploads\\\/2023\\\/08\\\/Leichtsinn_WaldSt_56-300x200.jpg\",\"768\":\"https:\\\/\\\/leichtsinn.coach\\\/wp-content\\\/uploads\\\/2023\\\/08\\\/Leichtsinn_WaldSt_56-768x512.jpg\",\"1024\":\"https:\\\/\\\/leichtsinn.coach\\\/wp-content\\\/uploads\\\/2023\\\/08\\\/Leichtsinn_WaldSt_56-1024x683.jpg\",\"1536\":\"https:\\\/\\\/leichtsinn.coach\\\/wp-content\\\/uploads\\\/2023\\\/08\\\/Leichtsinn_WaldSt_56-1536x1024.jpg\",\"2048\":\"https:\\\/\\\/leichtsinn.coach\\\/wp-content\\\/uploads\\\/2023\\\/08\\\/Leichtsinn_WaldSt_56-2048x1365.jpg\",\"full\":\"https:\\\/\\\/leichtsinn.coach\\\/wp-content\\\/uploads\\\/2023\\\/08\\\/Leichtsinn_WaldSt_56-scaled.jpg\"}'><\/div>\n\t\t\t\t\t\t\t\t\n\t\t\t\t\t\t\t\t\n\t\t\t\t\t\t\t\t\n\t\t\t\t\t\t\t<\/div>\n<h4 class=\"wp-block-heading has-text-align-center has-color-62-color has-text-color has-link-color wp-elements-02ceb932f13adebd9050741659fdff87\">Meine Herangehensweise<\/h4>\n\n\n\n<p><\/p>\n\n\n\n<div id=\"greyd-69f4d51a1caa5\" class=\"wp-block-greyd-box aligncenter gs_OH3wAq greyd-content-box gs_OH3wAq\">\n<div class=\"wp-block-greyd-accordion gs_TXWOwb\" data-autoclose=\"true\" data-openfirst=\"true\">\n<div class=\"wp-block-greyd-accordion-item\"><button class=\"wp-block-greyd-accordion__title\" role=\"button\" type=\"button\" aria-expanded=\"false\" aria-controls=\"sect-2p6a-1\" id=\"title-2p6a-1\"><span><strong><strong><strong><strong>Beziehungsarbeit als F\u00fchrungskraft<\/strong><\/strong><\/strong><\/strong><\/span><span class=\"icon icon-normal arrow_triangle-down_alt2\" aria-hidden=\"true\"><\/span><span class=\"icon icon-active arrow_triangle-up_alt2\" aria-hidden=\"true\"><\/span><\/button><div class=\"wp-block-greyd-accordion__content\" role=\"region\" id=\"sect-2p6a-1\" aria-labelledby=\"title-2p6a-1\" hidden>\n<p>Gemeinsam erarbeiten wir Strategien, wie du als F\u00fchrungskraft deine zwischenmenschlichen Beziehungen trotz der beruflichen Anforderungen pflegen und st\u00e4rken kannst. Dabei geht es um echte, verbindende Gespr\u00e4che, gelingende Konfliktgespr\u00e4che und den Aufbau von Vertrauen und Empathie im Team, was langfristig zu einer produktiveren und harmonischeren Arbeitsumgebung f\u00fchrt.<\/p>\n<\/div><\/div>\n\n\n\n<div class=\"wp-block-greyd-accordion-item\"><button class=\"wp-block-greyd-accordion__title\" role=\"button\" type=\"button\" aria-expanded=\"false\" aria-controls=\"sect-2ylt-2\" id=\"title-2ylt-2\"><span><strong><strong><strong>Durch Ver\u00e4nderungen begleiten<\/strong><\/strong><\/strong><\/span><span class=\"icon icon-normal arrow_triangle-down_alt2\" aria-hidden=\"true\"><\/span><span class=\"icon icon-active arrow_triangle-up_alt2\" aria-hidden=\"true\"><\/span><\/button><div class=\"wp-block-greyd-accordion__content\" role=\"region\" id=\"sect-2ylt-2\" aria-labelledby=\"title-2ylt-2\" hidden>\n<p>Ver\u00e4nderungen im beruflichen Umfeld k\u00f6nnen oft stressig und herausfordernd sein. Im Coaching unterst\u00fctze ich dich dabei, flexible Denkweisen zu entwickeln und resilient auf Ver\u00e4nderungen zu reagieren. Meditation und Visualisierungstechniken k\u00f6nnen dich als F\u00fchrungskraft unterst\u00fctzen, dich mental auf Ver\u00e4nderungen einzustellen und diese mit einem positiven Mindset zu begegnen. Diese Praktiken f\u00f6rdern eine innere Stabilit\u00e4t, die es dir erm\u00f6glicht, auch in turbulenten Zeiten die Leichtigkeit zu bewahren und dein Team sicher durch Phasen des Wandels zu f\u00fchren.<\/p>\n<\/div><\/div>\n\n\n\n<div class=\"wp-block-greyd-accordion-item\"><button class=\"wp-block-greyd-accordion__title\" role=\"button\" type=\"button\" aria-expanded=\"false\" aria-controls=\"sect-zibg-3\" id=\"title-zibg-3\"><span><strong><strong>Achtsame Selbstf\u00fchrung<\/strong><\/strong><\/span><span class=\"icon icon-normal arrow_triangle-down_alt2\" aria-hidden=\"true\"><\/span><span class=\"icon icon-active arrow_triangle-up_alt2\" aria-hidden=\"true\"><\/span><\/button><div class=\"wp-block-greyd-accordion__content\" role=\"region\" id=\"sect-zibg-3\" aria-labelledby=\"title-zibg-3\" hidden>\n<p>Im Coaching gebe ich Fach- und F\u00fchrungskr\u00e4ften Breath Work &amp; Achtsamkeits-Techniken an die Hand, wie sie Stress effektiv managen k\u00f6nnen und wieder Leichtigkeit in ihrer Arbeit finden. Durch reflektierende Gespr\u00e4che und Achtsamkeits\u00fcbungen (Meditation, Breath Work, Visualisierung) unterst\u00fctze ich dich dabei, deine Priorit\u00e4ten neu zu ordnen und wieder einen klaren Blick f\u00fcr das Wesentliche zu gewinnen. Diese Techniken helfen nicht nur im pers\u00f6nlichen Bereich, sondern auch dabei, in stressigen, beruflichen Situationen einen k\u00fchlen Kopf zu bewahren und fundierte Entscheidungen zu treffen.<\/p>\n<\/div><\/div>\n<style class=\"greyd-styles\">.gs_TXWOwb .wp-block-greyd-accordion-item { --accord-align-items: center; border-top: 0px none var(--color31); border-right: 0px none var(--color31); border-bottom: 0px none var(--color31); border-left: 0px none var(--color31); --accord-title-text-color: var(--color62); --accord-title-bg-color: var(--color13); --accord-bg-color: var(--color62); --accord-title-align: center; --accord-title-font-size: 1.4em; --accord-title-radius: 16px; } .gs_TXWOwb .wp-block-greyd-accordion-item .wp-block-greyd-accordion__content { border-top: 0px none var(--color31); border-right: 0px none var(--color31); border-bottom: 0px none var(--color31); border-left: 0px none var(--color31); border-radius: 17px; } @media (max-width: 575.98px) { .gs_TXWOwb .wp-block-greyd-accordion-item { --accord-title-align: left; } } <\/style><style class=\"greyd-styles\">. { --accord-align-items: center; border-top: 0px none var(--color31); border-right: 0px none var(--color31); border-bottom: 0px none var(--color31); border-left: 0px none var(--color31); --accord-title-text-color: var(--color62); --accord-title-bg-color: var(--color13); --accord-bg-color: var(--color62); --accord-title-align: center; --accord-title-font-size: 1.4em; --accord-title-radius: 16px; } . .wp-block-greyd-accordion__content { border-top: 0px none var(--color31); border-right: 0px none var(--color31); border-bottom: 0px none var(--color31); border-left: 0px none var(--color31); border-radius: 17px; } @media (max-width: 575.98px) { . { --accord-title-align: left; } } <\/style><\/div>\n<\/div>\n<\/div>\n<\/div>\n\n\n\n<div class=\"wp-block-buttons is-content-justification-center is-layout-flex wp-container-core-buttons-is-layout-16018d1d wp-block-buttons-is-layout-flex\">\n<div id=\"greyd-69f4d51a1f3a7\" class=\"wp-block-button\"><a class=\"wp-block-button__link has-text-align-center wp-element-button\" href=\"#termin\">Kennenlerntermin buchen<\/a><\/div>\n<\/div>\n\n\n\n<hr class=\"wp-block-separator has-alpha-channel-opacity\"\/>\n\n\n\n<h2 class=\"wp-block-heading has-text-align-center\">F\u00fcr Young Professionals<\/h2>\n\n\n\n<p><\/p>\n\n\n\n<div id=\"greyd-69f4d51a20467\" class=\"wp-block-greyd-box gs_FFKpOT greyd-content-box gs_FFKpOT has-background\"><div id='bg_69f4d51a1fe5a' class='greyd-background'>\n\t\t\t\t\t\t\t\t<div class='bg_image'  data-srcset='{\"150\":\"https:\\\/\\\/leichtsinn.coach\\\/wp-content\\\/uploads\\\/2023\\\/08\\\/Leichtsinn_WaldSt_56-150x150.jpg\",\"300\":\"https:\\\/\\\/leichtsinn.coach\\\/wp-content\\\/uploads\\\/2023\\\/08\\\/Leichtsinn_WaldSt_56-300x200.jpg\",\"768\":\"https:\\\/\\\/leichtsinn.coach\\\/wp-content\\\/uploads\\\/2023\\\/08\\\/Leichtsinn_WaldSt_56-768x512.jpg\",\"1024\":\"https:\\\/\\\/leichtsinn.coach\\\/wp-content\\\/uploads\\\/2023\\\/08\\\/Leichtsinn_WaldSt_56-1024x683.jpg\",\"1536\":\"https:\\\/\\\/leichtsinn.coach\\\/wp-content\\\/uploads\\\/2023\\\/08\\\/Leichtsinn_WaldSt_56-1536x1024.jpg\",\"2048\":\"https:\\\/\\\/leichtsinn.coach\\\/wp-content\\\/uploads\\\/2023\\\/08\\\/Leichtsinn_WaldSt_56-2048x1365.jpg\",\"full\":\"https:\\\/\\\/leichtsinn.coach\\\/wp-content\\\/uploads\\\/2023\\\/08\\\/Leichtsinn_WaldSt_56-scaled.jpg\"}'><\/div>\n\t\t\t\t\t\t\t\t\n\t\t\t\t\t\t\t\t\n\t\t\t\t\t\t\t\t\n\t\t\t\t\t\t\t<\/div>\n<h4 class=\"wp-block-heading has-text-align-center has-color-62-color has-text-color has-link-color wp-elements-02ceb932f13adebd9050741659fdff87\">Meine Herangehensweise<\/h4>\n\n\n\n<div id=\"greyd-69f4d51a1fdbd\" class=\"wp-block-greyd-box aligncenter gs_iOn9y4 greyd-content-box gs_iOn9y4\">\n<div class=\"wp-block-greyd-accordion gs_wdulhI\" data-autoclose=\"true\" data-openfirst=\"true\">\n<div class=\"wp-block-greyd-accordion-item\"><button class=\"wp-block-greyd-accordion__title\" role=\"button\" type=\"button\" aria-expanded=\"false\" aria-controls=\"sect-2p6a-4\" id=\"title-2p6a-4\"><span><strong>Selbstpositionierung &amp; souver\u00e4n kommunizieren<\/strong><\/span><span class=\"icon icon-normal arrow_triangle-down_alt2\" aria-hidden=\"true\"><\/span><span class=\"icon icon-active arrow_triangle-up_alt2\" aria-hidden=\"true\"><\/span><\/button><div class=\"wp-block-greyd-accordion__content\" role=\"region\" id=\"sect-2p6a-4\" aria-labelledby=\"title-2p6a-4\" hidden>\n<p>Gemeinsam erarbeiten wir dein St\u00e4rkenprofil und deinen pers\u00f6nlichen Markenkern. &nbsp;Im gesch\u00fctzten Raum \u00fcben wir effektive Kommunikation mit F\u00fchrungskr\u00e4ften und Kolleg*innen. Du lernst, wie du souver\u00e4n mit Konflikten umgehst und deine Ziele souver\u00e4n vertrittst.&nbsp;<\/p>\n<\/div><\/div>\n\n\n\n<div class=\"wp-block-greyd-accordion-item\"><button class=\"wp-block-greyd-accordion__title\" role=\"button\" type=\"button\" aria-expanded=\"false\" aria-controls=\"sect-2ylt-5\" id=\"title-2ylt-5\"><span><strong><strong><strong>Selbstzweifel \u00fcberwinden<\/strong><\/strong><\/strong><\/span><span class=\"icon icon-normal arrow_triangle-down_alt2\" aria-hidden=\"true\"><\/span><span class=\"icon icon-active arrow_triangle-up_alt2\" aria-hidden=\"true\"><\/span><\/button><div class=\"wp-block-greyd-accordion__content\" role=\"region\" id=\"sect-2ylt-5\" aria-labelledby=\"title-2ylt-5\" hidden>\n<p>Du lernst, ausgediente Denk- und Verhaltensmuster abzulegen und dich selbst zu empowern.&nbsp;<\/p>\n<\/div><\/div>\n\n\n\n<div class=\"wp-block-greyd-accordion-item\"><button class=\"wp-block-greyd-accordion__title\" role=\"button\" type=\"button\" aria-expanded=\"false\" aria-controls=\"sect-zibg-6\" id=\"title-zibg-6\"><span><strong><strong>Mental Health<\/strong><\/strong><\/span><span class=\"icon icon-normal arrow_triangle-down_alt2\" aria-hidden=\"true\"><\/span><span class=\"icon icon-active arrow_triangle-up_alt2\" aria-hidden=\"true\"><\/span><\/button><div class=\"wp-block-greyd-accordion__content\" role=\"region\" id=\"sect-zibg-6\" aria-labelledby=\"title-zibg-6\" hidden>\n<p>Du bekommst passende Techniken an die Hand, wie du gut f\u00fcr dich sorgst und langfristig gesund bleibst, ohne deine Ziele aus den Augen zu verlieren.<\/p>\n<\/div><\/div>\n<style class=\"greyd-styles\">.gs_wdulhI .wp-block-greyd-accordion-item { --accord-align-items: center; border-top: 0px none var(--color31); border-right: 0px none var(--color31); border-bottom: 0px none var(--color31); border-left: 0px none var(--color31); --accord-title-text-color: var(--color62); --accord-title-bg-color: var(--color13); --accord-bg-color: var(--color62); --accord-title-align: center; --accord-title-font-size: 1.4em; --accord-title-radius: 16px; } .gs_wdulhI .wp-block-greyd-accordion-item .wp-block-greyd-accordion__content { border-top: 0px none var(--color31); border-right: 0px none var(--color31); border-bottom: 0px none var(--color31); border-left: 0px none var(--color31); border-radius: 17px; } @media (max-width: 575.98px) { .gs_wdulhI .wp-block-greyd-accordion-item { --accord-title-align: left; } } <\/style><style class=\"greyd-styles\">. { --accord-align-items: center; border-top: 0px none var(--color31); border-right: 0px none var(--color31); border-bottom: 0px none var(--color31); border-left: 0px none var(--color31); --accord-title-text-color: var(--color62); --accord-title-bg-color: var(--color13); --accord-bg-color: var(--color62); --accord-title-align: center; --accord-title-font-size: 1.4em; --accord-title-radius: 16px; } . .wp-block-greyd-accordion__content { border-top: 0px none var(--color31); border-right: 0px none var(--color31); border-bottom: 0px none var(--color31); border-left: 0px none var(--color31); border-radius: 17px; } @media (max-width: 575.98px) { . { --accord-title-align: left; } } <\/style><\/div>\n<\/div>\n<\/div>\n\n\n\n<div class=\"wp-block-buttons is-layout-flex wp-block-buttons-is-layout-flex\">\n<div id=\"greyd-69f4d51a205f5\" class=\"wp-block-button\"><a class=\"wp-block-button__link has-text-align-center wp-element-button\" href=\"#termin\">Kennenlerntermin buchen<\/a><\/div>\n<\/div>\n\n\n\n<hr class=\"wp-block-separator has-alpha-channel-opacity\"\/>\n\n\n\n<div id=\"greyd-69f4d51a251a0\" class=\"wp-block-greyd-box aligncenter row_xxl gs_qtv1t6 greyd-content-box gs_qtv1t6\"><div  class=\"gs_VWgfsT row_wrap has-background\"><div id='bg_69f4d51a23417' class='greyd-background bg_full'>\n\t\t\t\t\t\t\t\t<div class='bg_color'><\/div>\n\t\t\t\t\t\t\t\t\n\t\t\t\t\t\t\t\t\n\t\t\t\t\t\t\t\t\n\t\t\t\t\t\t\t<\/div>\n<div class=\"wp-block-columns row_xl has-color-62-color has-color-12-background-color has-text-color has-background is-layout-flex wp-container-core-columns-is-layout-9d6595d7 wp-block-columns-is-layout-flex\">\n<div class=\"wp-block-column col-12 col-sm-auto is-layout-flow wp-block-column-is-layout-flow\" style=\"flex-basis:100%;width:100%\">\n<h2 class=\"wp-block-heading has-text-align-center gs_io51UX\">Was andere sagen<\/h2>\n\n\n<div  class=\"row_wrap\">\n<div class=\"wp-block-columns row_xxl is-layout-flex wp-container-core-columns-is-layout-9d6595d7 wp-block-columns-is-layout-flex\">\n<div class=\"wp-block-column is-vertically-aligned-center col-12 col-sm-auto is-layout-flow wp-block-column-is-layout-flow\">\n<div id=\"greyd-69f4d51a21d6c\" class=\"wp-block-greyd-box aligncenter gs_PyNZ8R greyd-content-box gs_PyNZ8R\"><div class=\"wp-block-image is-resized is-style-rounded\">\n<figure class=\"aligncenter size-full\"><img loading=\"lazy\" decoding=\"async\" width=\"203\" height=\"202\" src=\"https:\/\/leichtsinn.coach\/wp-content\/uploads\/2023\/09\/Bildschirmfoto-2023-09-01-um-10.39.27.png\" alt=\"\" class=\"wp-image-359\" srcset=\"https:\/\/leichtsinn.coach\/wp-content\/uploads\/2023\/09\/Bildschirmfoto-2023-09-01-um-10.39.27.png 203w, https:\/\/leichtsinn.coach\/wp-content\/uploads\/2023\/09\/Bildschirmfoto-2023-09-01-um-10.39.27-150x150.png 150w\" sizes=\"auto, (max-width: 203px) 100vw, 203px\" \/><\/figure>\n<\/div>\n\n\n<h4 class=\"wp-block-heading has-text-align-center gs_Us0z2q\">Johanna<\/h4>\n\n\n\n<p class=\"has-text-align-center gs_DUpG9k\">HR Business Partner<\/p>\n\n\n\n<p class=\"has-text-align-center gs_6H8JqV\">Zun\u00e4chst habe ich mich zu einem Coaching &#8222;\u00fcberwunden&#8220;, aber Fabienne hat mir meine anf\u00e4nglichen Zweifel direkt genommen. Sie hat mich bei meiner Weiterentwicklung unterst\u00fctzt und die richtigen Fragen zur Selbstreflexion gestellt, mit denen ich mich selbst nicht auseinander gesetzt h\u00e4tte. Danke Fabienne, f\u00fcr die vertrauensvolle Gespr\u00e4che, die Impulse und den Perspektiven-wechsel, welchen du mir erm\u00f6glichst hast. Noch heute denke ich oft an das Coaching zur\u00fcck und habe f\u00fcr mich selbst Methoden der Reflexion etabliert, die mich pers\u00f6nlich st\u00e4rken.<\/p>\n<\/div>\n<\/div>\n\n\n\n<div class=\"wp-block-column col-12 col-sm-auto is-layout-flow wp-block-column-is-layout-flow\">\n<div id=\"greyd-69f4d51a22df9\" class=\"wp-block-greyd-box aligncenter gs_g4edvk greyd-content-box gs_g4edvk\"><div class=\"wp-block-image is-resized is-style-rounded\">\n<figure class=\"aligncenter size-full\"><img loading=\"lazy\" decoding=\"async\" width=\"201\" height=\"197\" src=\"https:\/\/leichtsinn.coach\/wp-content\/uploads\/2023\/09\/Bildschirmfoto-2023-09-04-um-09.53.30.png\" alt=\"\" class=\"wp-image-396\"\/><\/figure>\n<\/div>\n\n\n<h4 class=\"wp-block-heading has-text-align-center gs_1nG0Tm\">Tobias<\/h4>\n\n\n\n<p class=\"has-text-align-center gs_V4ueg7\">Strategischer Partner Manager<\/p>\n\n\n\n<p class=\"has-text-align-center gs_18iThu\">\u00dcber einen Zeitraum von ca. 6 Monaten hatte ich monatliche Coaching Sessions mit Fabienne. Diese waren f\u00fcr mich sehr bereichernd, da mir unter anderem eigene Glaubenss\u00e4tze aufgefallen sind, die mir vorher kaum bewusst waren. Fabienne war dabei ein super Coach mit sehr viel Empathie und strukturierter Vorgehensweise. Einige der Anst\u00f6\u00dfe die ich aus dem Coaching mitgenommen habe, haben einen sehr positiven und nachhaltigen Einflu\u00df auf mein Leben. Ich kann ein Coaching bei Fabienne sehr empfehlen!<\/p>\n<\/div>\n<\/div>\n<\/div>\n<\/div><\/div>\n<\/div>\n<\/div>\n\n\n<div id=\"greyd-69f4d51a25109\" class=\"wp-block-greyd-box aligncenter row_xxl gs_k07nf4 greyd-content-box gs_k07nf4\"><div  class=\"gs_vtOivU row_wrap has-background\"><div id='bg_69f4d51a24fc2' class='greyd-background bg_full'>\n\t\t\t\t\t\t\t\t<div class='bg_color'><\/div>\n\t\t\t\t\t\t\t\t\n\t\t\t\t\t\t\t\t\n\t\t\t\t\t\t\t\t\n\t\t\t\t\t\t\t<\/div>\n<div class=\"wp-block-columns row_xl has-color-62-color has-color-12-background-color has-text-color has-background is-layout-flex wp-container-core-columns-is-layout-9d6595d7 wp-block-columns-is-layout-flex\">\n<div class=\"wp-block-column col-12 col-sm-auto is-layout-flow wp-block-column-is-layout-flow\" style=\"flex-basis:100%;width:100%\"><div  class=\"row_wrap\">\n<div class=\"wp-block-columns row_xxl is-layout-flex wp-container-core-columns-is-layout-9d6595d7 wp-block-columns-is-layout-flex\">\n<div class=\"wp-block-column is-vertically-aligned-center col-12 col-sm-auto is-layout-flow wp-block-column-is-layout-flow\">\n<div id=\"greyd-69f4d51a241c7\" class=\"wp-block-greyd-box aligncenter gs_oIk0Iv greyd-content-box gs_oIk0Iv\">\n\n\n<h4 class=\"wp-block-heading has-text-align-center gs_ZNg1RL\">Maximilian<\/h4>\n\n\n\n<p class=\"has-text-align-center gs_sTphee\">Acquisition Manager<\/p>\n\n\n\n<p class=\"has-text-align-center gs_CNxUqE\">Der Weg zu mehr Resilienz. Ich bin deutlich ausgeglichener und habe mehr Vertrauen in meine eigenen St\u00e4rken. Zudem habe ich gelernt, wie ich in welchen Situationen reagiere, warum mein K\u00f6rper so reagiert wie er reagiert. Diese Erkenntnis hilft mir sehr dabei, meine Lockerheit und mein Selbstbewusstsein zur\u00fcckzuerlangen. Fabienne hat mir den Weg bereitet mich selbst wahrzunehmen, zu erkennen und entsprechend Ver\u00e4nderungsprozesse anzusto\u00dfen.<\/p>\n<\/div>\n<\/div>\n\n\n\n<div class=\"wp-block-column col-12 col-sm-auto is-layout-flow wp-block-column-is-layout-flow\">\n<div id=\"greyd-69f4d51a24a68\" class=\"wp-block-greyd-box aligncenter gs_JaylHH greyd-content-box gs_JaylHH\">\n\n\n<h4 class=\"wp-block-heading has-text-align-center gs_VQtk4t\">Anonym<\/h4>\n\n\n\n<p class=\"has-text-align-center gs_9xaaxC\">F\u00fchrungskraft <\/p>\n\n\n\n<p class=\"has-text-align-center gs_NFoLG0\">Die gemeinsame Arbeit an den Themen, immer wenn ich nicht so recht weiter wusste hat Fabienne &#8222;den Knoten gel\u00f6st&#8220;. Die Ergebnisse jeder Coaching Runde waren immer sehr hilfreich, strukturiert und klar! Das Coaching mit Fabienne hilft bei eigenen Blockaden den richtigen Weg \/ Ansatz zu finden f\u00fcr eine erfolgreiche Weiterentwicklung.<\/p>\n<\/div>\n<\/div>\n<\/div>\n<\/div><\/div>\n<\/div>\n<\/div><\/div>\n<\/div>\n\n\n\n<div id=\"greyd-69f4d51a279ae\" class=\"wp-block-greyd-box gs_rRqDqC greyd-content-box gs_rRqDqC has-text-color\">\n<div id=\"greyd-69f4d51a2790f\" class=\"wp-block-greyd-box aligncenter row_xxl gs_WDrKyR greyd-content-box gs_WDrKyR\"><div  class=\"gs_Zs4uNe row_wrap\">\n<div class=\"wp-block-columns row_xxl is-layout-flex wp-container-core-columns-is-layout-9d6595d7 wp-block-columns-is-layout-flex\">\n<div class=\"wp-block-column col-12 col-sm-auto is-layout-flow wp-block-column-is-layout-flow\" style=\"flex-basis:100%;width:100%\"><div  class=\"gs_mp39r3 row_wrap\">\n<div class=\"wp-block-columns row_xxl eplus-jjnEGr is-layout-flex wp-container-core-columns-is-layout-9d6595d7 wp-block-columns-is-layout-flex\">\n<div class=\"wp-block-column col-12 col-sm-auto eplus-bLfaKV is-layout-flow wp-block-column-is-layout-flow\">\n<h2 class=\"wp-block-heading has-text-align-center has-color-62-color has-text-color\"><strong><strong><strong>Wie wird ein Coaching ablaufen?<\/strong><\/strong><\/strong><\/h2>\n\n\n\n<p class=\"has-text-align-center gs_g9pqLs\">Jedes Coaching ist individuell auf die Bed\u00fcrfnisse des Coachees abgestimmt. Daher kann der Ablauf des Coachings je nach Bedarf und Zielsetzung variieren.&nbsp;<\/p>\n<\/div>\n<\/div>\n<\/div>\n\n<div  class=\"row_wrap\">\n<div class=\"wp-block-columns row_xxl has-no-gutter has-color-62-color has-text-color is-layout-flex wp-container-core-columns-is-layout-9d6595d7 wp-block-columns-is-layout-flex\">\n<div class=\"wp-block-column col-12 col-sm-auto is-layout-flow wp-block-column-is-layout-flow\">\n<div id=\"greyd-69f4d51a25ea6\" class=\"wp-block-greyd-box gs_6kNvLL greyd-content-box gs_6kNvLL flex-justify-flex-start\">\n<div class=\"wp-block-group is-nowrap is-layout-flex wp-container-core-group-is-layout-ad2f72ca wp-block-group-is-layout-flex gs_EjUOlx group_wrap\">\n<h3 class=\"wp-block-heading has-text-align-left\">1.<strong> Bedarfskl\u00e4rung<\/strong><\/h3>\n<\/div>\n\n\n\n<p class=\"has-text-align-left gs_17NTgY\">In einem ersten Kontaktgespr\u00e4ch besprechen wir dein Anliegen, um zu verstehen, was du mit dem Coaching erreichen m\u00f6chtest und welche Ziele du hast. Die Bedarfskl\u00e4rung schlie\u00dft auch die Intensit\u00e4t des Coachings (Anzahl der Coaching Sitzungen, zeitliche Abst\u00e4nde zwischen den Sitzungen, L\u00e4nge einer Sitzung) ein.&nbsp;&nbsp;<\/p>\n\n\n\n<p class=\"has-text-align-left gs_kIeCWr\">In diesem ersten Gespr\u00e4ch haben wir auch die M\u00f6glichkeit, uns kennenzulernen und herauszufinden, ob ich als Coach zu dir passe.<\/p>\n<\/div>\n<\/div>\n\n\n\n<div class=\"wp-block-column col-12 col-sm-auto is-layout-flow wp-block-column-is-layout-flow\">\n<div id=\"greyd-69f4d51a266fe\" class=\"wp-block-greyd-box gs_aEMyoa greyd-content-box gs_aEMyoa flex-justify-flex-start\">\n<div class=\"wp-block-group is-nowrap is-layout-flex wp-container-core-group-is-layout-ad2f72ca wp-block-group-is-layout-flex gs_4Irq6n group_wrap\">\n<h3 class=\"wp-block-heading has-text-align-left\">2. <strong>Zielsetzung<\/strong><\/h3>\n<\/div>\n\n\n\n<p class=\"has-text-align-left gs_xjM7gu\">In diesem Schritt formulieren wir gemeinsam dein Ziel, das mit dem Coaching-Prozess erreicht werden sollen. Erfahrungsgem\u00e4\u00df kann sich dein Ziel u. U. Im Laufe des Coaching Prozesses ver\u00e4ndern.<\/p>\n<\/div>\n\n\n\n<div id=\"greyd-69f4d51a26ad2\" class=\"wp-block-greyd-box gs_V1L2Gm greyd-content-box gs_V1L2Gm flex-justify-flex-start\">\n<div class=\"wp-block-group is-nowrap is-layout-flex wp-container-core-group-is-layout-ad2f72ca wp-block-group-is-layout-flex gs_gNjLQN group_wrap\">\n<h3 class=\"wp-block-heading has-text-align-left\">3. <strong>Initiale Planung &amp; Umsetzung<\/strong><\/h3>\n<\/div>\n\n\n\n<p class=\"has-text-align-left gs_cQF9Bn\">Wir erarbeiten gemeinsam einen f\u00fcr dich passenden Plan, wie dein Ziel erreicht werden kann. Dieser Plan beinhaltet verschiedene Coaching Methoden und Techniken, um f\u00fcr dich Klarheit und Ruhe zu bringen und dir zu helfen, dein Ziel schrittweise und nachhaltig zu erreichen.<\/p>\n<\/div>\n<\/div>\n\n\n\n<div class=\"wp-block-column col-12 col-sm-auto is-layout-flow wp-block-column-is-layout-flow\">\n<div id=\"greyd-69f4d51a26f85\" class=\"wp-block-greyd-box gs_RtiDPp greyd-content-box gs_RtiDPp flex-justify-flex-start\">\n<div class=\"wp-block-group is-nowrap is-layout-flex wp-container-core-group-is-layout-ad2f72ca wp-block-group-is-layout-flex gs_ctXiSp group_wrap\">\n<h3 class=\"wp-block-heading has-text-align-left\">4. <strong>Feedback &amp; Zwischenerfolge<\/strong><\/h3>\n<\/div>\n\n\n\n<p class=\"has-text-align-left gs_zSmdlo\">In jedem Coaching \u00fcberpr\u00fcfen wir deinen Fortschritt im Hinblick auf deine Zielerreichung und wir schaffen einen Raum f\u00fcr Feedback.<\/p>\n<\/div>\n\n\n\n<div id=\"greyd-69f4d51a2731c\" class=\"wp-block-greyd-box gs_ChXtXf greyd-content-box gs_ChXtXf flex-justify-flex-start\">\n<div class=\"wp-block-group is-nowrap is-layout-flex wp-container-core-group-is-layout-ad2f72ca wp-block-group-is-layout-flex gs_qh6S2v group_wrap\">\n<h3 class=\"wp-block-heading has-text-align-left\">5. <strong>Abschluss &amp; Reflexion<\/strong><\/h3>\n<\/div>\n\n\n\n<p class=\"has-text-align-left gs_mk9BMN\">In unserer letzten Coaching Sitzung blicken wir zur\u00fcck auf deine Fortschritte und Erfahrungen im Coaching Prozess. Dar\u00fcber hinaus besprechen wir n\u00e4chste und weitere Schritte, die dir bei deiner Weiterentwicklung in Zukunft helfen k\u00f6nnen. Grunds\u00e4tzlich ist ein Coaching darauf ausgelegt, dass die Zusammenarbeit endet, sobald dein Ziel erreicht ist. Nat\u00fcrlich k\u00f6nnen wir bei Bedarf ein weiteres Anliegen getrennt angehen.&nbsp;<\/p>\n<\/div>\n<\/div>\n<\/div>\n<\/div><\/div>\n<\/div>\n<\/div><\/div>\n<\/div>\n\n\n\n<hr class=\"wp-block-separator has-alpha-channel-opacity\" id=\"termin\"\/>\n\n\n\n<div id=\"greyd-69f4d51a27dc4\" class=\"wp-block-greyd-box gs_1uPpus greyd-content-box gs_1uPpus has-text-color\">\n<h2 class=\"wp-block-heading has-text-align-center\"><mark style=\"background-color:rgba(0, 0, 0, 0)\" class=\"has-inline-color has-color-12-color\">Termin buchen<\/mark><\/h2>\n\n\n\n<hr class=\"wp-block-separator has-alpha-channel-opacity\"\/>\n\n\n\n<div style=\"width: 100%; max-width: 100%;\">\n  <iframe \n    src=\"https:\/\/www.terminland.de\/kontakt.leichtsinn\/?mode=frame\"\n    width=\"100%\" \n    height=\"750\"\n    style=\"border: none; display: block;\"\n    scrolling=\"auto\"\n    loading=\"lazy\">\n  <\/iframe>\n<\/div>\n<\/div>\n\n\n\n<div id=\"greyd-69f4d51a28cc8\" class=\"wp-block-greyd-box gs_dfZGfa greyd-content-box gs_dfZGfa\"><div  class=\"gs_8HdBmU row_wrap\">\n<div class=\"wp-block-columns row_xxl is-layout-flex wp-container-core-columns-is-layout-9d6595d7 wp-block-columns-is-layout-flex\">\n<div class=\"wp-block-column col-12 col-sm-auto is-layout-flow wp-block-column-is-layout-flow\" style=\"flex-basis:33.33%;width:33.33%\">\n<figure class=\"wp-block-image size-large is-style-rounded-corners\"><img loading=\"lazy\" decoding=\"async\" width=\"683\" height=\"1024\" src=\"https:\/\/leichtsinn.coach\/wp-content\/uploads\/2025\/12\/Website_07-1-683x1024.jpg\" alt=\"Business Coaching Stuttgart - Fabienne Fleischmann\" class=\"wp-image-11386\" style=\"aspect-ratio:1;object-fit:cover\" srcset=\"https:\/\/leichtsinn.coach\/wp-content\/uploads\/2025\/12\/Website_07-1-683x1024.jpg 683w, https:\/\/leichtsinn.coach\/wp-content\/uploads\/2025\/12\/Website_07-1-200x300.jpg 200w, https:\/\/leichtsinn.coach\/wp-content\/uploads\/2025\/12\/Website_07-1-768x1152.jpg 768w, https:\/\/leichtsinn.coach\/wp-content\/uploads\/2025\/12\/Website_07-1-1024x1536.jpg 1024w, https:\/\/leichtsinn.coach\/wp-content\/uploads\/2025\/12\/Website_07-1-1365x2048.jpg 1365w, https:\/\/leichtsinn.coach\/wp-content\/uploads\/2025\/12\/Website_07-1-8x12.jpg 8w, https:\/\/leichtsinn.coach\/wp-content\/uploads\/2025\/12\/Website_07-1-scaled.jpg 1707w\" sizes=\"auto, (max-width: 683px) 100vw, 683px\" \/><\/figure>\n<\/div>\n\n\n\n<div class=\"wp-block-column is-vertically-aligned-center col-12 col-sm-auto is-layout-flow wp-block-column-is-layout-flow\" style=\"flex-basis:66.66%;width:66.66%\">\n<h3 class=\"wp-block-heading\"><strong>Was ist Coaching nicht?<\/strong><\/h3>\n\n\n\n<p>Coaching ist keine Therapie. Im Gegensatz zur Therapie geht es beim Coaching nicht um die Bew\u00e4ltigung von traumatischen Erfahrungen oder psychischen St\u00f6rungen. Beim Coaching geht es um die Verbesserung von F\u00e4higkeiten (zum Beispiel zur Selbstreflexion) und Verhaltens\u00e4nderung zur Erreichung eines selbst gesteckten Ziels (z.B. in Bezug auf die pers\u00f6nliche oder berufliche Weiterentwicklung).&nbsp;&nbsp;<\/p>\n\n\n\n<p>Dar\u00fcber hinaus geht es im Coaching nicht darum, Ratschl\u00e4ge oder L\u00f6sungen f\u00fcr ein bestimmtes Problem zu geben, indem ein*e Coach sagt, was der\/die Coachee tun soll. Stattdessen unterst\u00fctzt ein*e Coach dich dabei, mithilfe gezielter Fragetechniken, Feedback und Coaching Methoden, selbst L\u00f6sungen zu finden und die eigenen F\u00e4higkeiten und Potenziale zu entfalten und sich weiterzuentwickeln.<\/p>\n<\/div>\n<\/div>\n<\/div><\/div>\n\n\n\n<hr class=\"wp-block-separator has-alpha-channel-opacity\"\/>\n\n\n\n<div id=\"greyd-69f4d51a2c035\" class=\"wp-block-greyd-box aligncenter gs_tDoHnI greyd-content-box gs_tDoHnI\">\n<div id=\"greyd-69f4d51a2bf8e\" class=\"wp-block-greyd-box aligncenter gs_aU1GTc greyd-content-box gs_aU1GTc\"><div  class=\"row_wrap\">\n<div class=\"wp-block-columns row_xxl is-layout-flex wp-container-core-columns-is-layout-9d6595d7 wp-block-columns-is-layout-flex\">\n<div class=\"wp-block-column col-12 col-sm-auto is-layout-flow wp-block-column-is-layout-flow\">\n<figure class=\"wp-block-image size-large\"><img loading=\"lazy\" decoding=\"async\" width=\"642\" height=\"1024\" src=\"https:\/\/leichtsinn.coach\/wp-content\/uploads\/2025\/12\/Use-Einzelbild-lachend-scaled-e1765804647258-642x1024.jpg\" alt=\"Business Coaching Stuttgart - Fabienne Fleischmann\" class=\"wp-image-11384\" srcset=\"https:\/\/leichtsinn.coach\/wp-content\/uploads\/2025\/12\/Use-Einzelbild-lachend-scaled-e1765804647258-642x1024.jpg 642w, https:\/\/leichtsinn.coach\/wp-content\/uploads\/2025\/12\/Use-Einzelbild-lachend-scaled-e1765804647258-188x300.jpg 188w, https:\/\/leichtsinn.coach\/wp-content\/uploads\/2025\/12\/Use-Einzelbild-lachend-scaled-e1765804647258-768x1226.jpg 768w, https:\/\/leichtsinn.coach\/wp-content\/uploads\/2025\/12\/Use-Einzelbild-lachend-scaled-e1765804647258-962x1536.jpg 962w, https:\/\/leichtsinn.coach\/wp-content\/uploads\/2025\/12\/Use-Einzelbild-lachend-scaled-e1765804647258-1283x2048.jpg 1283w, https:\/\/leichtsinn.coach\/wp-content\/uploads\/2025\/12\/Use-Einzelbild-lachend-scaled-e1765804647258-8x12.jpg 8w, https:\/\/leichtsinn.coach\/wp-content\/uploads\/2025\/12\/Use-Einzelbild-lachend-scaled-e1765804647258.jpg 1460w\" sizes=\"auto, (max-width: 642px) 100vw, 642px\" \/><\/figure>\n<\/div>\n\n\n\n<div class=\"wp-block-column is-layout-flow wp-block-column-is-layout-flow\">\n<h3 class=\"wp-block-heading has-color-12-color has-text-color\">Kontaktformular<\/h3>\n\n\n\n<p class=\"has-text-align-left\">Du willst mit mir in Kontakt treten oder hast Fragen zu meine Arbeitsweise und meinen Angeboten? Schreibe mir gerne!<\/p>\n\n\n<div class=\"forms_wrapper\"><a href='#after-greyd-form-7' class='greyd_skip_link'>Skip form<\/a><form\n\t\t\tclass='greyd_form \"EinfachesKontaktformular\" requirement-style__required' name='form_6' id='greyd-form-7'\n\t\t\tdata-id='6' data-form-mode='normal' data-title='EinfachesKontaktformular' data-nonce='176a39e0ce' data-send='enable'\n\t\t\tmethod='POST' enctype='multipart\/form-data'\n\t\t>\t\t<div style=\"visibility: hidden; position: absolute; z-index: -1; height: 0.1px; width: 0.1px; margin: 0; padding: 0;\">\n\t\t\t<label for=\"contact_me_by_fax_only\">\n\t\t\t\t<input\n\t\t\t\t\ttype=\"checkbox\"\n\t\t\t\t\tclass=\"input validation\"\n\t\t\t\t\tname=\"contact_me_by_fax_only\"\n\t\t\t\t\tid=\"contact_me_by_fax_only\"\n\t\t\t\t\tvalue=\"true\"\n\t\t\t\t\taria-hidden=\"true\"\n\t\t\t\t\ttabindex=\"-1\"\n\t\t\t\t\tautocomplete=\"off\"\n\t\t\t\t>\n\t\t\t\tContact me by fax only\n\t\t\t<\/label>\n\t\t\t<input\n\t\t\t\ttype=\"text\"\n\t\t\t\tclass=\"input validation\"\n\t\t\t\tname=\"set_your_password\"\n\t\t\t\taria-hidden=\"true\"\n\t\t\t\ttabindex=\"-1\"\n\t\t\t\tautocomplete=\"off\"\n\t\t\t>\n\t\t<\/div>\n\t\t\n<h3 class=\"wp-block-heading\"><\/h3>\n\n\n\n<div class=\"wp-block-greyd-forms-input input-wrapper gs_UHIzkP\"><div class=\"label_wrap\"><label class=\"label\" for=\"name___id69f4d51a2b3b8\"><span>Name<\/span><span class=\"requirement-required\"> *<\/span><\/label><\/div><div class=\"input-inner-wrapper\"><input class=\"input validation \" type=\"text\" name=\"name\" id=\"name___id69f4d51a2b3b8\" placeholder=\"Enter here\" autocomplete=\"name\" required data-required=\"required\" title=\"Please fill out this field\" rows=\"\"\/><span class=\"input-field-icon\" aria-hidden=\"true\"><\/span><\/div><\/div>\n\n\n\n<div class=\"wp-block-greyd-forms-input input-wrapper gs_fs5tdM\"><div class=\"label_wrap\"><label class=\"label\" for=\"email___id69f4d51a2b4ce\"><span>E-Mail<\/span><span class=\"requirement-required\"> *<\/span><\/label><span class=\"greyd-forms-tooltip\"><button type=\"button\" class=\"greyd-forms-tooltip-toggle\" aria-expanded=\"false\" aria-controls=\"tt-email___id69f4d51a2b4ce\" aria-label=\"Tooltip zeigen\"><\/button><span class=\"greyd-forms-tooltip-popup\" id=\"tt-email___id69f4d51a2b4ce\" role=\"tooltip\"><span>The email address should contain an &#8218;@&#8217;character and a valid domain with a period.<\/span><button class=\"greyd-forms-tooltip-close\" aria-label=\"Tooltip schlie\u00dfen\">\u00d7<\/button><\/span><\/span><\/div><div class=\"input-inner-wrapper\"><input class=\"input validation \" type=\"email\" name=\"email\" id=\"email___id69f4d51a2b4ce\" aria-describedby=\"tt-email___id69f4d51a2b4ce\" placeholder=\"Enter here\" autocomplete=\"email\" pattern=\"\\w+([\\-+\\.]\\w+)*@\\w+([\\-\\.]\\w+)*\\.\\w+([\\-\\.]\\w+)*\" required data-required=\"required\" title=\"Please fill out this field\" rows=\"\"\/><span class=\"input-field-icon\" aria-hidden=\"true\"><\/span><\/div><\/div>\n\n\n\n<div class=\"wp-block-greyd-forms-input input-wrapper gs_QNtocE\"><div class=\"label_wrap\"><label class=\"label\" for=\"phone___id69f4d51a2b5aa\"><span>Telefon<\/span><span class=\"requirement-optional\"> (optional)<\/span><\/label><span class=\"greyd-forms-tooltip\"><button type=\"button\" class=\"greyd-forms-tooltip-toggle\" aria-expanded=\"false\" aria-controls=\"tt-phone___id69f4d51a2b5aa\" aria-label=\"Tooltip zeigen\"><\/button><span class=\"greyd-forms-tooltip-popup\" id=\"tt-phone___id69f4d51a2b5aa\" role=\"tooltip\"><span>The phone number can only consist of numbers and the following characters: + ( ) &#8211; \/ <\/span><button class=\"greyd-forms-tooltip-close\" aria-label=\"Tooltip schlie\u00dfen\">\u00d7<\/button><\/span><\/span><\/div><div class=\"input-inner-wrapper\"><input class=\"input validation \" type=\"tel\" name=\"phone\" id=\"phone___id69f4d51a2b5aa\" aria-describedby=\"tt-phone___id69f4d51a2b5aa\" placeholder=\"z.b. +49 178 458 72 65\" autocomplete=\"tel\" pattern=\"\\(?\\+?[\\s0-9]{0,4}\\(?[0-9]{1,4}\\)?[\\-\\s\\\/0-9]{4,16}\" data-required=\"optional\" title=\"Please fill out this field\" rows=\"\"\/><span class=\"input-field-icon\" aria-hidden=\"true\"><\/span><\/div><\/div>\n\n\n\n<div class=\"wp-block-greyd-forms-dropdown input-wrapper gs_ad2cch\"><div class=\"label_wrap\"><label class=\"label\" for=\"dropdown_23d899___id69f4d51a2b697\"><span>Ich interessiere mich f\u00fcr<\/span><span class=\"requirement-required\"> *<\/span><\/label><span class=\"greyd-forms-tooltip\"><button type=\"button\" class=\"greyd-forms-tooltip-toggle\" aria-expanded=\"false\" aria-controls=\"tt-dropdown_23d899___id69f4d51a2b697\" aria-label=\"Tooltip zeigen\"><\/button><span class=\"greyd-forms-tooltip-popup\" id=\"tt-dropdown_23d899___id69f4d51a2b697\" role=\"tooltip\"><span>Multiselect possible.<\/span><button class=\"greyd-forms-tooltip-close\" aria-label=\"Tooltip schlie\u00dfen\">\u00d7<\/button><\/span><\/span><\/div><select name=\"dropdown_23d899___id69f4d51a2b697\" aria-describedby=\"tt-dropdown_23d899___id69f4d51a2b697\" id=\"dropdown_23d899___id69f4d51a2b697\" required data-required=\"required\" title=\"Please select an option\" multiple class=\"\"><option value=\"\">Thema<\/option><option value=\"coaching\">Coaching<\/option><option value=\"paartherapie\">Paartherapie<\/option><option value=\"unternehmensberatung\">Unternehmensberatung<\/option><option value=\"moderation\">Moderation<\/option><\/select><\/div>\n\n\n\n<div class=\"wp-block-greyd-forms-input input-wrapper gs_ukdmMt\"><div class=\"label_wrap\"><label class=\"label\" for=\"message___id69f4d51a2b766\"><span>Message<\/span><span class=\"requirement-optional\"> (optional)<\/span><\/label><\/div><div class=\"input-inner-wrapper\"><textarea class=\"input validation \" type=\"text\" name=\"message\" id=\"message___id69f4d51a2b766\" placeholder=\"Enter here\" autocomplete=\"off\" data-required=\"optional\" title=\"Please fill out this field\" rows=\"5\"><\/textarea><span class=\"input-field-icon\" aria-hidden=\"true\"><\/span><\/div><\/div>\n\n\n\n<div class=\"wp-block-greyd-forms-checkbox input-wrapper gs_HDZI7y\"><label class=\"label checkbox-label\" for=\"agb___id69f4d51a2ba23\"><input class=\"checkbox_placeholder_value\" type=\"hidden\" name=\"agb\" value=\"false\"\/><input type=\"checkbox\" id=\"agb___id69f4d51a2ba23\" name=\"agb\" value=\"true\" required data-required=\"required\" title=\"bitte best\u00e4tige die Checkbox\"\/><div><span>Du erkl\u00e4rst sich damit einverstanden, dass deine Daten zur Bearbeitung deines Anliegens verwendet werden. Weitere Informationen zur Verarbeitung der personenbezogenen Daten und zum Widerruf in der <a href=\"https:\/\/leichtsinn.coach\/impressum\/\" data-type=\"page\" data-id=\"141\">Datenschutzerkl\u00e4rung<\/a>.<\/span><span class=\"requirement-required\">&nbsp;*<\/span><\/div><\/label><\/div>\n\n\n\n<button class=\"wp-block-greyd-forms-submitbutton button submitbutton gs_PHMQXc\" type=\"submit\" name=\"submit\" data-text=\"Senden\"><span class=\"greyd_upload_progress\"><span class=\"spinner\"><span class=\"dot-loader\"><\/span><span class=\"dot-loader dot-loader--2\"><\/span><span class=\"dot-loader dot-loader--3\"><\/span><\/span><span class=\"bar\"><\/span><\/span><span style=\"flex:1\">Senden<\/span><\/button>\n<\/form><div class='after-message animate_fast' role='status' aria-live='polite'><div class='message'><\/div><\/div><div id='after-greyd-form-7'><\/div><\/div><\/div>\n<\/div>\n<\/div><\/div>\n<\/div>\n\n\n\n<div id=\"greyd-69f4d51a2c786\" class=\"wp-block-greyd-box aligncenter gs_1pKUhp greyd-content-box gs_1pKUhp flex-justify-center\"><div  class=\"gs_HE8Htx row_wrap\">\n<div class=\"wp-block-columns row_xxl is-layout-flex wp-container-core-columns-is-layout-9d6595d7 wp-block-columns-is-layout-flex\">\n<div class=\"wp-block-column col-12 col-sm-auto is-layout-flow wp-block-column-is-layout-flow\">\n<hr class=\"wp-block-separator has-alpha-channel-opacity is-style-default\"\/>\n\n\n\n<iframe loading=\"lazy\" src=\"https:\/\/embeds.beehiiv.com\/4ddbfc42-f102-454e-8eef-c54f524e17f5\" data-test-id=\"beehiiv-embed\" width=\"100%\" height=\"320\" frameborder=\"0\" scrolling=\"no\" style=\"border-radius: 4px; border: 2px solid #e5e7eb; margin: 0; background-color: transparent;\"><\/iframe>\n\n\n\n<hr class=\"wp-block-separator has-alpha-channel-opacity is-style-default\"\/>\n<\/div>\n<\/div>\n<\/div><\/div>\n\n\n\n<div id=\"greyd-69f4d51a2cea0\" class=\"wp-block-greyd-box greyd-content-box gs_5Cq6Ej\">\n<p class=\"has-text-align-center\"><strong><mark style=\"background-color:rgba(0, 0, 0, 0)\" class=\"has-inline-color has-color-61-color\">Stornierungsrichtlinie<\/mark><\/strong><\/p>\n\n\n\n<p class=\"has-text-align-center\">Eine kostenlose Stornierung des Termins ist bis zu 48 Stunden vorher m\u00f6glich. Danach wird eine Ausfallgeb\u00fchr von 100% f\u00e4llig.<\/p>\n\n\n\n<h4 class=\"wp-block-heading has-text-align-center has-color-62-color has-text-color has-link-color wp-elements-cfb50c9e18af212b0493ba169aa960a0\"><strong><mark style=\"background-color:rgba(0, 0, 0, 0)\" class=\"has-inline-color has-color-61-color\">Social Media<\/mark><\/strong><\/h4>\n\n\n\n<p class=\"has-text-align-center\">Folge mir auf <a href=\"https:\/\/www.google.com\/url?sa=t&amp;source=web&amp;rct=j&amp;opi=89978449&amp;url=https:\/\/www.instagram.com\/fabi.leichtsinn\/&amp;ved=2ahUKEwiB-s2sncKRAxUmzwIHHfqWEVgQFnoECCIQAQ&amp;usg=AOvVaw1Mar7x-sRcrG6Bt9J5fKUr\"><strong>Instagram<\/strong><\/a> f\u00fcr regelm\u00e4\u00dfige Impulse rund um Liebe und Beziehung.<\/p>\n\n\n\n<p class=\"has-text-align-center\">Folge mir auf <a href=\"https:\/\/www.linkedin.com\/in\/fabiennefleischmann\"><strong>Linkedin<\/strong><\/a><strong> <\/strong>f\u00fcr regelm\u00e4\u00dfige Impulse rund um Resilienz, Teamentwicklung und Konfliktmanagement. <\/p>\n\n\n\n<h4 class=\"wp-block-heading has-text-align-center has-color-62-color has-text-color has-link-color wp-elements-976a293ae260a99a2c4d08da995c910f\"><strong><mark style=\"background-color:rgba(0, 0, 0, 0)\" class=\"has-inline-color has-color-61-color\">Google Maps<\/mark><\/strong><\/h4>\n\n\n\n<p>Besuche mich auch auf&nbsp;<a href=\"https:\/\/share.google\/uwrwG3HU1B6vy42sD\" target=\"_blank\" rel=\"noreferrer noopener\"><strong>Google Maps<\/strong><\/a>&nbsp;\u2013 mit Adresse und Bewertungen.<\/p>\n<\/div>\n","protected":false},"excerpt":{"rendered":"<p>F\u00fcr F\u00fchrungskr\u00e4fte F\u00fcr Young Professionals<\/p>","protected":false},"author":1,"featured_media":11431,"parent":0,"menu_order":0,"comment_status":"closed","ping_status":"closed","template":"","meta":{"greyd_block_editor_preview":[],"footnotes":""},"class_list":["post-1864","page","type-page","status-publish","has-post-thumbnail","hentry"],"yoast_head":"<!-- This site is optimized with the Yoast SEO plugin v27.5 - https:\/\/yoast.com\/product\/yoast-seo-wordpress\/ -->\n<title>Business Coaching - leichtSINN<\/title>\n<meta name=\"description\" content=\"Business Coaching Stuttgart - Fabienne Fleischmann bietet Business Coaching f\u00fcr F\u00fchrungskr\u00e4fte und Professionals - 15+ Jahre Erfahrung.\" \/>\n<meta name=\"robots\" content=\"index, follow, max-snippet:-1, max-image-preview:large, max-video-preview:-1\" \/>\n<link rel=\"canonical\" href=\"https:\/\/leichtsinn.coach\/en\/business-coaching\/\" \/>\n<meta property=\"og:locale\" content=\"en_US\" \/>\n<meta property=\"og:type\" content=\"article\" \/>\n<meta property=\"og:title\" content=\"Business Coaching - leichtSINN\" \/>\n<meta property=\"og:description\" content=\"Business Coaching Stuttgart - Fabienne Fleischmann bietet Business Coaching f\u00fcr F\u00fchrungskr\u00e4fte und Professionals - 15+ Jahre Erfahrung.\" \/>\n<meta property=\"og:url\" content=\"https:\/\/leichtsinn.coach\/en\/business-coaching\/\" \/>\n<meta property=\"og:site_name\" content=\"leichtSINN\" \/>\n<meta property=\"article:modified_time\" content=\"2026-03-27T06:28:03+00:00\" \/>\n<meta property=\"og:image\" content=\"https:\/\/leichtsinn.coach\/wp-content\/uploads\/2025\/12\/Website-Fabi-quer-emotional-2-scaled.jpg\" \/>\n\t<meta property=\"og:image:width\" content=\"2560\" \/>\n\t<meta property=\"og:image:height\" content=\"1707\" \/>\n\t<meta property=\"og:image:type\" content=\"image\/jpeg\" \/>\n<meta name=\"twitter:card\" content=\"summary_large_image\" \/>\n<meta name=\"twitter:label1\" content=\"Est. reading time\" \/>\n\t<meta name=\"twitter:data1\" content=\"8 minutes\" \/>\n<script type=\"application\/ld+json\" class=\"yoast-schema-graph\">{\"@context\":\"https:\\\/\\\/schema.org\",\"@graph\":[{\"@type\":\"WebPage\",\"@id\":\"https:\\\/\\\/leichtsinn.coach\\\/business-coaching\\\/\",\"url\":\"https:\\\/\\\/leichtsinn.coach\\\/business-coaching\\\/\",\"name\":\"Business Coaching - leichtSINN\",\"isPartOf\":{\"@id\":\"https:\\\/\\\/leichtsinn.coach\\\/#website\"},\"primaryImageOfPage\":{\"@id\":\"https:\\\/\\\/leichtsinn.coach\\\/business-coaching\\\/#primaryimage\"},\"image\":{\"@id\":\"https:\\\/\\\/leichtsinn.coach\\\/business-coaching\\\/#primaryimage\"},\"thumbnailUrl\":\"https:\\\/\\\/leichtsinn.coach\\\/wp-content\\\/uploads\\\/2025\\\/12\\\/Website-Fabi-quer-emotional-2-scaled.jpg\",\"datePublished\":\"2024-08-12T12:43:30+00:00\",\"dateModified\":\"2026-03-27T06:28:03+00:00\",\"description\":\"Business Coaching Stuttgart - Fabienne Fleischmann bietet Business Coaching f\u00fcr F\u00fchrungskr\u00e4fte und Professionals - 15+ Jahre Erfahrung.\",\"breadcrumb\":{\"@id\":\"https:\\\/\\\/leichtsinn.coach\\\/business-coaching\\\/#breadcrumb\"},\"inLanguage\":\"en-US\",\"potentialAction\":[{\"@type\":\"ReadAction\",\"target\":[\"https:\\\/\\\/leichtsinn.coach\\\/business-coaching\\\/\"]}]},{\"@type\":\"ImageObject\",\"inLanguage\":\"en-US\",\"@id\":\"https:\\\/\\\/leichtsinn.coach\\\/business-coaching\\\/#primaryimage\",\"url\":\"https:\\\/\\\/leichtsinn.coach\\\/wp-content\\\/uploads\\\/2025\\\/12\\\/Website-Fabi-quer-emotional-2-scaled.jpg\",\"contentUrl\":\"https:\\\/\\\/leichtsinn.coach\\\/wp-content\\\/uploads\\\/2025\\\/12\\\/Website-Fabi-quer-emotional-2-scaled.jpg\",\"width\":2560,\"height\":1707,\"caption\":\"Business Coaching Stuttgart - Fabienne Fleischmann\"},{\"@type\":\"BreadcrumbList\",\"@id\":\"https:\\\/\\\/leichtsinn.coach\\\/business-coaching\\\/#breadcrumb\",\"itemListElement\":[{\"@type\":\"ListItem\",\"position\":1,\"name\":\"Startseite\",\"item\":\"https:\\\/\\\/leichtsinn.coach\\\/\"},{\"@type\":\"ListItem\",\"position\":2,\"name\":\"Business Coaching\"}]},{\"@type\":\"WebSite\",\"@id\":\"https:\\\/\\\/leichtsinn.coach\\\/#website\",\"url\":\"https:\\\/\\\/leichtsinn.coach\\\/\",\"name\":\"leichtSINN\",\"description\":\"Paartherapie &amp; Systemisches Coaching online &amp; in Stuttgart\",\"publisher\":{\"@id\":\"https:\\\/\\\/leichtsinn.coach\\\/#organization\"},\"potentialAction\":[{\"@type\":\"SearchAction\",\"target\":{\"@type\":\"EntryPoint\",\"urlTemplate\":\"https:\\\/\\\/leichtsinn.coach\\\/?s={search_term_string}\"},\"query-input\":{\"@type\":\"PropertyValueSpecification\",\"valueRequired\":true,\"valueName\":\"search_term_string\"}}],\"inLanguage\":\"en-US\"},{\"@type\":\"Organization\",\"@id\":\"https:\\\/\\\/leichtsinn.coach\\\/#organization\",\"name\":\"leichtSINN\",\"url\":\"https:\\\/\\\/leichtsinn.coach\\\/\",\"logo\":{\"@type\":\"ImageObject\",\"inLanguage\":\"en-US\",\"@id\":\"https:\\\/\\\/leichtsinn.coach\\\/#\\\/schema\\\/logo\\\/image\\\/\",\"url\":\"https:\\\/\\\/leichtsinn.coach\\\/wp-content\\\/uploads\\\/2023\\\/08\\\/cropped-leichtSINN-Coaching_Logo.png\",\"contentUrl\":\"https:\\\/\\\/leichtsinn.coach\\\/wp-content\\\/uploads\\\/2023\\\/08\\\/cropped-leichtSINN-Coaching_Logo.png\",\"width\":985,\"height\":985,\"caption\":\"leichtSINN\"},\"image\":{\"@id\":\"https:\\\/\\\/leichtsinn.coach\\\/#\\\/schema\\\/logo\\\/image\\\/\"}}]}<\/script>\n<!-- \/ Yoast SEO plugin. -->","yoast_head_json":{"title":"Business Coaching - leichtSINN","description":"Business Coaching Stuttgart - Fabienne Fleischmann bietet Business Coaching f\u00fcr F\u00fchrungskr\u00e4fte und Professionals - 15+ Jahre Erfahrung.","robots":{"index":"index","follow":"follow","max-snippet":"max-snippet:-1","max-image-preview":"max-image-preview:large","max-video-preview":"max-video-preview:-1"},"canonical":"https:\/\/leichtsinn.coach\/en\/business-coaching\/","og_locale":"en_US","og_type":"article","og_title":"Business Coaching - leichtSINN","og_description":"Business Coaching Stuttgart - Fabienne Fleischmann bietet Business Coaching f\u00fcr F\u00fchrungskr\u00e4fte und Professionals - 15+ Jahre Erfahrung.","og_url":"https:\/\/leichtsinn.coach\/en\/business-coaching\/","og_site_name":"leichtSINN","article_modified_time":"2026-03-27T06:28:03+00:00","og_image":[{"width":2560,"height":1707,"url":"https:\/\/leichtsinn.coach\/wp-content\/uploads\/2025\/12\/Website-Fabi-quer-emotional-2-scaled.jpg","type":"image\/jpeg"}],"twitter_card":"summary_large_image","twitter_misc":{"Est. reading time":"8 minutes"},"schema":{"@context":"https:\/\/schema.org","@graph":[{"@type":"WebPage","@id":"https:\/\/leichtsinn.coach\/business-coaching\/","url":"https:\/\/leichtsinn.coach\/business-coaching\/","name":"Business Coaching - leichtSINN","isPartOf":{"@id":"https:\/\/leichtsinn.coach\/#website"},"primaryImageOfPage":{"@id":"https:\/\/leichtsinn.coach\/business-coaching\/#primaryimage"},"image":{"@id":"https:\/\/leichtsinn.coach\/business-coaching\/#primaryimage"},"thumbnailUrl":"https:\/\/leichtsinn.coach\/wp-content\/uploads\/2025\/12\/Website-Fabi-quer-emotional-2-scaled.jpg","datePublished":"2024-08-12T12:43:30+00:00","dateModified":"2026-03-27T06:28:03+00:00","description":"Business Coaching Stuttgart - Fabienne Fleischmann bietet Business Coaching f\u00fcr F\u00fchrungskr\u00e4fte und Professionals - 15+ Jahre Erfahrung.","breadcrumb":{"@id":"https:\/\/leichtsinn.coach\/business-coaching\/#breadcrumb"},"inLanguage":"en-US","potentialAction":[{"@type":"ReadAction","target":["https:\/\/leichtsinn.coach\/business-coaching\/"]}]},{"@type":"ImageObject","inLanguage":"en-US","@id":"https:\/\/leichtsinn.coach\/business-coaching\/#primaryimage","url":"https:\/\/leichtsinn.coach\/wp-content\/uploads\/2025\/12\/Website-Fabi-quer-emotional-2-scaled.jpg","contentUrl":"https:\/\/leichtsinn.coach\/wp-content\/uploads\/2025\/12\/Website-Fabi-quer-emotional-2-scaled.jpg","width":2560,"height":1707,"caption":"Business Coaching Stuttgart - Fabienne Fleischmann"},{"@type":"BreadcrumbList","@id":"https:\/\/leichtsinn.coach\/business-coaching\/#breadcrumb","itemListElement":[{"@type":"ListItem","position":1,"name":"Startseite","item":"https:\/\/leichtsinn.coach\/"},{"@type":"ListItem","position":2,"name":"Business Coaching"}]},{"@type":"WebSite","@id":"https:\/\/leichtsinn.coach\/#website","url":"https:\/\/leichtsinn.coach\/","name":"leichtSINN","description":"Paartherapie &amp; Systemisches Coaching online &amp; in Stuttgart","publisher":{"@id":"https:\/\/leichtsinn.coach\/#organization"},"potentialAction":[{"@type":"SearchAction","target":{"@type":"EntryPoint","urlTemplate":"https:\/\/leichtsinn.coach\/?s={search_term_string}"},"query-input":{"@type":"PropertyValueSpecification","valueRequired":true,"valueName":"search_term_string"}}],"inLanguage":"en-US"},{"@type":"Organization","@id":"https:\/\/leichtsinn.coach\/#organization","name":"leichtSINN","url":"https:\/\/leichtsinn.coach\/","logo":{"@type":"ImageObject","inLanguage":"en-US","@id":"https:\/\/leichtsinn.coach\/#\/schema\/logo\/image\/","url":"https:\/\/leichtsinn.coach\/wp-content\/uploads\/2023\/08\/cropped-leichtSINN-Coaching_Logo.png","contentUrl":"https:\/\/leichtsinn.coach\/wp-content\/uploads\/2023\/08\/cropped-leichtSINN-Coaching_Logo.png","width":985,"height":985,"caption":"leichtSINN"},"image":{"@id":"https:\/\/leichtsinn.coach\/#\/schema\/logo\/image\/"}}]}},"_links":{"self":[{"href":"https:\/\/leichtsinn.coach\/en\/wp-json\/wp\/v2\/pages\/1864","targetHints":{"allow":["GET"]}}],"collection":[{"href":"https:\/\/leichtsinn.coach\/en\/wp-json\/wp\/v2\/pages"}],"about":[{"href":"https:\/\/leichtsinn.coach\/en\/wp-json\/wp\/v2\/types\/page"}],"author":[{"embeddable":true,"href":"https:\/\/leichtsinn.coach\/en\/wp-json\/wp\/v2\/users\/1"}],"replies":[{"embeddable":true,"href":"https:\/\/leichtsinn.coach\/en\/wp-json\/wp\/v2\/comments?post=1864"}],"version-history":[{"count":0,"href":"https:\/\/leichtsinn.coach\/en\/wp-json\/wp\/v2\/pages\/1864\/revisions"}],"wp:featuredmedia":[{"embeddable":true,"href":"https:\/\/leichtsinn.coach\/en\/wp-json\/wp\/v2\/media\/11431"}],"wp:attachment":[{"href":"https:\/\/leichtsinn.coach\/en\/wp-json\/wp\/v2\/media?parent=1864"}],"curies":[{"name":"wp","href":"https:\/\/api.w.org\/{rel}","templated":true}]}}